{"id":411,"date":"2014-01-26T15:59:40","date_gmt":"2014-01-26T14:59:40","guid":{"rendered":"http:\/\/www.amis-des-arts.fr\/?page_id=411"},"modified":"2014-02-15T19:13:58","modified_gmt":"2014-02-15T18:13:58","slug":"ebenisterie-marqueterie","status":"publish","type":"page","link":"http:\/\/www.amis-des-arts.fr\/?page_id=411","title":{"rendered":"Marqueterie \u00c9b\u00e9nisterie"},"content":{"rendered":"<p style=\"text-align: center;\"><span style=\"font-size: 22px;\">Salon 2012 Marqueterie \u00a0Eb\u00e9nisterie<\/span><\/p>\n<p><strong style=\"line-height: 1.5;\"><span style=\"font-family: 'times new roman', times; font-size: 16px;\">La marqueterie :<\/span><\/strong><\/p>\n<p><span style=\"font-family: 'times new roman', times; font-size: 16px;\">Dominique Ciamarone et Fran\u00e7ois Grignon deux artistes de renom pr\u00e9sentent leurs tableaux de marqueterie.<\/span><br \/>\n<span style=\"font-family: 'times new roman', times; font-size: 16px;\">Ils travaillent le bois avec des techniques et des styles tr\u00e8s diff\u00e9rents.<\/span><\/p>\n<div id='gallery-1' class='gallery galleryid-411 gallery-columns-2 gallery-size-thumbnail'><figure class='gallery-item'>\n\t\t\t<div class='gallery-icon landscape'>\n\t\t\t\t<a href='http:\/\/www.amis-des-arts.fr\/?attachment_id=428'><img loading=\"lazy\" decoding=\"async\" width=\"150\" height=\"150\" src=\"http:\/\/www.amis-des-arts.fr\/wp-content\/uploads\/2014\/01\/ciamarone-2-150x150.jpg\" class=\"attachment-thumbnail size-thumbnail\" alt=\"\" aria-describedby=\"gallery-1-428\" \/><\/a>\n\t\t\t<\/div>\n\t\t\t\t<figcaption class='wp-caption-text gallery-caption' id='gallery-1-428'>\n\t\t\t\tDominique Ciamarone\n\t\t\t\t<\/figcaption><\/figure>\n\t\t<\/div>\n\n<p><span style=\"font-family: 'times new roman', times; font-size: 16px;\">L\u2019antenne de Chartreuse de la Passion du bois vous fera d\u00e9couvrir le travail d\u2019amateurs et les diff\u00e9rentes \u00e9tapes de la r\u00e9alisation d\u2019une marqueterie.<\/span><\/p>\n<p><span style=\"font-family: 'times new roman', times; font-size: 16px;\"><strong>L&rsquo;\u00e9b\u00e9nisterie \u00a0<\/strong><br \/>\n<\/span><\/p>\n<p><span style=\"font-family: 'times new roman', times; font-size: 16px;\">Les compagnons du tour de France pr\u00e9sentent des travaux d\u2019\u00e9b\u00e9nisterie de leurs \u00e9tudiants.<\/span><\/p>\n<div id='gallery-2' class='gallery galleryid-411 gallery-columns-3 gallery-size-thumbnail'><figure class='gallery-item'>\n\t\t\t<div class='gallery-icon portrait'>\n\t\t\t\t<a href='http:\/\/www.amis-des-arts.fr\/?attachment_id=431'><img loading=\"lazy\" decoding=\"async\" width=\"150\" height=\"150\" src=\"http:\/\/www.amis-des-arts.fr\/wp-content\/uploads\/2014\/01\/P1010284-a-150x150.jpg\" class=\"attachment-thumbnail size-thumbnail\" alt=\"\" aria-describedby=\"gallery-2-431\" \/><\/a>\n\t\t\t<\/div>\n\t\t\t\t<figcaption class='wp-caption-text gallery-caption' id='gallery-2-431'>\n\t\t\t\tCompagnons du tour de France\n\t\t\t\t<\/figcaption><\/figure><figure class='gallery-item'>\n\t\t\t<div class='gallery-icon portrait'>\n\t\t\t\t<a href='http:\/\/www.amis-des-arts.fr\/?attachment_id=432'><img loading=\"lazy\" decoding=\"async\" width=\"150\" height=\"150\" src=\"http:\/\/www.amis-des-arts.fr\/wp-content\/uploads\/2014\/01\/P1010283-a-150x150.jpg\" class=\"attachment-thumbnail size-thumbnail\" alt=\"\" aria-describedby=\"gallery-2-432\" \/><\/a>\n\t\t\t<\/div>\n\t\t\t\t<figcaption class='wp-caption-text gallery-caption' id='gallery-2-432'>\n\t\t\t\tCompagnons du tour de France\n\t\t\t\t<\/figcaption><\/figure><figure class='gallery-item'>\n\t\t\t<div class='gallery-icon portrait'>\n\t\t\t\t<a href='http:\/\/www.amis-des-arts.fr\/?attachment_id=433'><img loading=\"lazy\" decoding=\"async\" width=\"150\" height=\"150\" src=\"http:\/\/www.amis-des-arts.fr\/wp-content\/uploads\/2014\/01\/P1010280-a-150x150.jpg\" class=\"attachment-thumbnail size-thumbnail\" alt=\"\" aria-describedby=\"gallery-2-433\" \/><\/a>\n\t\t\t<\/div>\n\t\t\t\t<figcaption class='wp-caption-text gallery-caption' id='gallery-2-433'>\n\t\t\t\tCompagnons du tour de France\n\t\t\t\t<\/figcaption><\/figure>\n\t\t<\/div>\n\n<p><span style=\"font-family: 'times new roman', times; font-size: 16px;\">Daniel Descombes, Yves Finotto, Ren\u00e9 Richaud, \u00e9b\u00e9nistes amateurs exposent des petits meubles enti\u00e8rement marquet\u00e9s.<\/span><\/p>\n<div id='gallery-3' class='gallery galleryid-411 gallery-columns-3 gallery-size-thumbnail'><figure class='gallery-item'>\n\t\t\t<div class='gallery-icon portrait'>\n\t\t\t\t<a href='http:\/\/www.amis-des-arts.fr\/?attachment_id=435'><img loading=\"lazy\" decoding=\"async\" width=\"150\" height=\"150\" src=\"http:\/\/www.amis-des-arts.fr\/wp-content\/uploads\/2014\/01\/RICHAUD-2-150x150.jpg\" class=\"attachment-thumbnail size-thumbnail\" alt=\"\" aria-describedby=\"gallery-3-435\" \/><\/a>\n\t\t\t<\/div>\n\t\t\t\t<figcaption class='wp-caption-text gallery-caption' id='gallery-3-435'>\n\t\t\t\tRen\u00e9 Richaud\n\t\t\t\t<\/figcaption><\/figure><figure class='gallery-item'>\n\t\t\t<div class='gallery-icon landscape'>\n\t\t\t\t<a href='http:\/\/www.amis-des-arts.fr\/?attachment_id=436'><img loading=\"lazy\" decoding=\"async\" width=\"150\" height=\"150\" src=\"http:\/\/www.amis-des-arts.fr\/wp-content\/uploads\/2014\/01\/Descombes-a-150x150.jpg\" class=\"attachment-thumbnail size-thumbnail\" alt=\"\" aria-describedby=\"gallery-3-436\" \/><\/a>\n\t\t\t<\/div>\n\t\t\t\t<figcaption class='wp-caption-text gallery-caption' id='gallery-3-436'>\n\t\t\t\tDaniel Descombes\n\t\t\t\t<\/figcaption><\/figure><figure class='gallery-item'>\n\t\t\t<div class='gallery-icon portrait'>\n\t\t\t\t<a href='http:\/\/www.amis-des-arts.fr\/?attachment_id=437'><img loading=\"lazy\" decoding=\"async\" width=\"150\" height=\"150\" src=\"http:\/\/www.amis-des-arts.fr\/wp-content\/uploads\/2014\/01\/finotto-2-150x150.jpg\" class=\"attachment-thumbnail size-thumbnail\" alt=\"\" aria-describedby=\"gallery-3-437\" \/><\/a>\n\t\t\t<\/div>\n\t\t\t\t<figcaption class='wp-caption-text gallery-caption' id='gallery-3-437'>\n\t\t\t\tYves Finotto\n\t\t\t\t<\/figcaption><\/figure>\n\t\t<\/div>\n\n<p>&nbsp;<\/p>\n","protected":false},"excerpt":{"rendered":"<p>Salon 2012 Marqueterie \u00a0Eb\u00e9nisterie La marqueterie : Dominique Ciamarone et Fran\u00e7ois Grignon deux artistes de renom pr\u00e9sentent leurs tableaux de marqueterie. Ils travaillent le bois avec des techniques et des styles tr\u00e8s diff\u00e9rents. L\u2019antenne de Chartreuse de la Passion du bois vous fera d\u00e9couvrir le travail d\u2019amateurs et les diff\u00e9rentes \u00e9tapes de la r\u00e9alisation d\u2019une &hellip; <a href=\"http:\/\/www.amis-des-arts.fr\/?page_id=411\" class=\"more-link\">Continuer la lecture de <span class=\"screen-reader-text\">Marqueterie \u00c9b\u00e9nisterie<\/span>  <span class=\"meta-nav\">&rarr;<\/span><\/a><\/p>\n","protected":false},"author":1,"featured_media":0,"parent":0,"menu_order":0,"comment_status":"closed","ping_status":"closed","template":"","meta":{"ngg_post_thumbnail":0,"footnotes":""},"class_list":["post-411","page","type-page","status-publish","hentry"],"_links":{"self":[{"href":"http:\/\/www.amis-des-arts.fr\/index.php?rest_route=\/wp\/v2\/pages\/411","targetHints":{"allow":["GET"]}}],"collection":[{"href":"http:\/\/www.amis-des-arts.fr\/index.php?rest_route=\/wp\/v2\/pages"}],"about":[{"href":"http:\/\/www.amis-des-arts.fr\/index.php?rest_route=\/wp\/v2\/types\/page"}],"author":[{"embeddable":true,"href":"http:\/\/www.amis-des-arts.fr\/index.php?rest_route=\/wp\/v2\/users\/1"}],"replies":[{"embeddable":true,"href":"http:\/\/www.amis-des-arts.fr\/index.php?rest_route=%2Fwp%2Fv2%2Fcomments&post=411"}],"version-history":[{"count":7,"href":"http:\/\/www.amis-des-arts.fr\/index.php?rest_route=\/wp\/v2\/pages\/411\/revisions"}],"predecessor-version":[{"id":731,"href":"http:\/\/www.amis-des-arts.fr\/index.php?rest_route=\/wp\/v2\/pages\/411\/revisions\/731"}],"wp:attachment":[{"href":"http:\/\/www.amis-des-arts.fr\/index.php?rest_route=%2Fwp%2Fv2%2Fmedia&parent=411"}],"curies":[{"name":"wp","href":"https:\/\/api.w.org\/{rel}","templated":true}]}}